{"id":121,"date":"2023-06-07T23:57:22","date_gmt":"2023-06-07T23:57:22","guid":{"rendered":"https:\/\/vultura.net\/a-propos-de-nous\/"},"modified":"2024-09-02T17:48:28","modified_gmt":"2024-09-02T17:48:28","slug":"a-propos","status":"publish","type":"page","link":"https:\/\/vultura.net\/fr\/a-propos\/","title":{"rendered":"A propos"},"content":{"rendered":"<div class=\"wpb-content-wrapper\"><p>[vc_row full_width=\u00a0\u00bbstretch_row_content_no_spaces\u00a0\u00bb content_placement=\u00a0\u00bbmiddle\u00a0\u00bb][vc_column][\/vc_column][\/vc_row][vc_row full_width=\u00a0\u00bbstretch_row_content_no_spaces\u00a0\u00bb content_placement=\u00a0\u00bbmiddle\u00a0\u00bb][vc_column][vc_custom_heading text=\u00a0\u00bbL&rsquo;EQUIPE VULTURA\u00a0\u00bb font_container=\u00a0\u00bbtag:h4|text_align:center\u00a0\u00bb][\/vc_column][\/vc_row][vc_row full_width=\u00a0\u00bbstretch_row_content_no_spaces\u00a0\u00bb content_placement=\u00a0\u00bbmiddle\u00a0\u00bb][vc_column width=\u00a0\u00bb1\/6&Prime;][\/vc_column][vc_column width=\u00a0\u00bb2\/3&Prime;][vc_column_text css=\u00a0\u00bb\u00a0\u00bb]<\/p>\n<p class=\"two-col\" style=\"text-align: justify;\">Vultura repr\u00e9sente un m\u00e9lange unique d&rsquo;expression artistique, mettant en valeur la diversit\u00e9 et englobant des formes non conventionnelles d&rsquo;art vestimentaire. L&rsquo;essence de Vultura trouve ses racines dans l&rsquo;art dynamique de Cecilie Bluthardt et Ellebasi Gebhardt, soutenu par la vaste exp\u00e9rience de Vincent Ifrah. Notre marque se consacre \u00e0 la c\u00e9l\u00e9bration de la diversit\u00e9 et \u00e0 l&rsquo;exploration de formes d&rsquo;art non traditionnelles, repoussant sans cesse les limites de l&rsquo;art vestimentaire. Avec un engagement in\u00e9branlable pour la cr\u00e9ativit\u00e9 et l&rsquo;innovation, nous nous effor\u00e7ons de cr\u00e9er des exp\u00e9riences immersives qui red\u00e9finissent l&rsquo;intersection de l&rsquo;art, du design et de l&rsquo;expression personnelle.<\/p>\n<p>[\/vc_column_text][\/vc_column][vc_column width=\u00a0\u00bb1\/6&Prime;][\/vc_column][\/vc_row][vc_row full_width=\u00a0\u00bbstretch_row_content_no_spaces\u00a0\u00bb gap=\u00a0\u00bb20&Prime; content_placement=\u00a0\u00bbmiddle\u00a0\u00bb][vc_column width=\u00a0\u00bb1\/2&Prime;][vc_single_image image=\u00a0\u00bb823&Prime; img_size=\u00a0\u00bblarge\u00a0\u00bb alignment=\u00a0\u00bbcenter\u00a0\u00bb][\/vc_column][vc_column width=\u00a0\u00bb2\/6&Prime;][vc_custom_heading text=\u00a0\u00bbL&rsquo;histoire de l&rsquo;artiste\u00a0\u00bb font_container=\u00a0\u00bbtag:h5|text_align:left\u00a0\u00bb][vc_custom_heading text=\u00a0\u00bbCecilie Bluthardt\u00a0\u00bb font_container=\u00a0\u00bbtag:h4|text_align:left\u00a0\u00bb css=\u00a0\u00bb.vc_custom_1699578375026{margin-top: 5px !important;}\u00a0\u00bb][vc_column_text]<\/p>\n<p style=\"text-align: justify;\">S&rsquo;affirmer en tant que femme, se d\u00e9fendre et s&rsquo;exprimer dans des domaines cr\u00e9atifs ont \u00e9t\u00e9 et sont des \u00e9l\u00e9ments essentiels qui ont marqu\u00e9 et continuent de marquer Cecilie Bluthardt. Elle a commenc\u00e9 tr\u00e8s t\u00f4t \u00e0 \u00eatre cr\u00e9ative avec diff\u00e9rents outils. La sculpture sur bois, la couture, l&rsquo;art du graffiti, la peinture au fusain, \u00e0 l&rsquo;huile, \u00e0 l&rsquo;acrylique et \u00e0 l&rsquo;aquarelle sont autant de techniques qu&rsquo;elle a apprises et utilis\u00e9es pour s&rsquo;exprimer. Ainsi, d\u00e8s son enfance, elle a tr\u00e8s vite commenc\u00e9 \u00e0 retranscrire des \u00e9motions et des exp\u00e9riences dans l&rsquo;art. N\u00e9e et ayant grandi \u00e0 Stuttgart, la capitale du Land, Cecilie a aspir\u00e9 \u00e0 de nouvelles inspirations en 2015 et a d\u00e9m\u00e9nag\u00e9 \u00e0 Berlin. Elle s&rsquo;est beaucoup interrog\u00e9e sur les constructions conventionnelles des genres et a d\u00e9velopp\u00e9 sa propre image de la f\u00e9minit\u00e9 et de la mani\u00e8re dont il faut montrer sa f\u00e9minit\u00e9 et aimer son propre corps. Comme Cecilie Bluthardt peignait d\u00e9j\u00e0 de mani\u00e8re abstraite \u00e0 l&rsquo;huile et \u00e0 l&rsquo;acrylique lorsqu&rsquo;elle \u00e9tait enfant et qu&rsquo;elle m\u00e9langeait cela avec l&rsquo;art du collage, il \u00e9tait naturel pour elle d&rsquo;exprimer ces nouvelles fa\u00e7ons de penser dans l&rsquo;art abstrait. Gr\u00e2ce \u00e0 ses \u00e9tudes de bachelor en Mediapublishing \u00e0 la Hochschule der Medien de Stuttgart, elle a appris des techniques de design graphique qu&rsquo;elle utilise dans ses \u0153uvres d&rsquo;art num\u00e9riques. En tant qu&rsquo;artiste, elle s&rsquo;inspire de ses exp\u00e9riences, de ses connaissances et de ses r\u00e9flexions. L&rsquo;art est sa plateforme sur laquelle elle peut se d\u00e9tacher, laisser libre cours \u00e0 ses pens\u00e9es et les exprimer \u00e0 sa mani\u00e8re individuelle.<\/p>\n<p>[\/vc_column_text][\/vc_column][vc_column width=\u00a0\u00bb1\/6&Prime;][\/vc_column][\/vc_row][vc_row full_width=\u00a0\u00bbstretch_row_content_no_spaces\u00a0\u00bb gap=\u00a0\u00bb20&Prime; content_placement=\u00a0\u00bbmiddle\u00a0\u00bb][vc_column width=\u00a0\u00bb1\/6&Prime;][\/vc_column][vc_column width=\u00a0\u00bb2\/6&Prime;][vc_custom_heading text=\u00a0\u00bbL&rsquo;histoire du designer\u00a0\u00bb font_container=\u00a0\u00bbtag:h5|text_align:left\u00a0\u00bb][vc_custom_heading text=\u00a0\u00bbVincent Ifrah\u00a0\u00bb font_container=\u00a0\u00bbtag:h4|text_align:left\u00a0\u00bb css=\u00a0\u00bb.vc_custom_1699578592291{margin-top: 5px !important;}\u00a0\u00bb][vc_column_text]<\/p>\n<p style=\"text-align: justify;\">La fascination pour la cr\u00e9ativit\u00e9 li\u00e9e \u00e0 la technique et \u00e0 la technologie, l&rsquo;engouement pour l&rsquo;art et l&rsquo;esth\u00e9tique fonctionnelle ont conduit Vincent IFRAH \u00e0 cr\u00e9er NEPTO, une entreprise avant tout orient\u00e9e vers le design de produits. Les inspirations et les id\u00e9es qui dictent ses projets, pass\u00e9s et futurs, sont intimement li\u00e9es \u00e0 ses origines familiales et \u00e0 sa nouvelle vie sociale \u00e0 Berlin. L&rsquo;entreprise familiale a en effet jou\u00e9 un r\u00f4le crucial, puisque ses parents, passionn\u00e9s de m\u00e9canique moto et de design automobile, lui ont transmis leur amour pour ce m\u00e9lange d&rsquo;esth\u00e9tique et de technologie. Ils lui ont transmis le go\u00fbt du d\u00e9tail, l&rsquo;importance de conserver la fonctionnalit\u00e9 dans le design et l&rsquo;utilit\u00e9 de la technologie dans un produit. Une derni\u00e8re valeur peut \u00eatre ajout\u00e9e : l&rsquo;utilisation de la technologie pour rendre un produit efficace en toute simplicit\u00e9. Cette approche a \u00e9t\u00e9 d\u00e9velopp\u00e9e au cours de sa formation en ing\u00e9nierie des mat\u00e9riaux, puis valid\u00e9e lors de la pr\u00e9sentation de ses premiers produits. En effet, les premi\u00e8res montres NEPTO sont pures, l\u00e9g\u00e8res et fines, confortables et esth\u00e9tiques.<\/p>\n<p>[\/vc_column_text][\/vc_column][vc_column width=\u00a0\u00bb1\/2&Prime;][vc_single_image image=\u00a0\u00bb826&Prime; img_size=\u00a0\u00bblarge\u00a0\u00bb alignment=\u00a0\u00bbcenter\u00a0\u00bb][\/vc_column][\/vc_row][vc_row full_width=\u00a0\u00bbstretch_row_content_no_spaces\u00a0\u00bb content_placement=\u00a0\u00bbmiddle\u00a0\u00bb][vc_column width=\u00a0\u00bb1\/6&Prime;][\/vc_column][vc_column width=\u00a0\u00bb2\/3&Prime;][vc_single_image image=\u00a0\u00bb1874&Prime; img_size=\u00a0\u00bbfull\u00a0\u00bb][\/vc_column][vc_column width=\u00a0\u00bb1\/6&Prime;][\/vc_column][\/vc_row]<\/p>\n<\/div>","protected":false},"excerpt":{"rendered":"<p>[vc_row full_width=\u00a0\u00bbstretch_row_content_no_spaces\u00a0\u00bb content_placement=\u00a0\u00bbmiddle\u00a0\u00bb][vc_column][\/vc_column][\/vc_row][vc_row full_width=\u00a0\u00bbstretch_row_content_no_spaces\u00a0\u00bb content_placement=\u00a0\u00bbmiddle\u00a0\u00bb][vc_column][vc_custom_heading text=\u00a0\u00bbL&rsquo;EQUIPE VULTURA\u00a0\u00bb font_container=\u00a0\u00bbtag:h4|text_align:center\u00a0\u00bb][\/vc_column][\/vc_row][vc_row full_width=\u00a0\u00bbstretch_row_content_no_spaces\u00a0\u00bb content_placement=\u00a0\u00bbmiddle\u00a0\u00bb][vc_column width=\u00a0\u00bb1\/6&Prime;][\/vc_column][vc_column width=\u00a0\u00bb2\/3&Prime;][vc_column_text css=\u00a0\u00bb\u00a0\u00bb] Vultura repr\u00e9sente un m\u00e9lange unique d&rsquo;expression artistique, mettant en valeur la diversit\u00e9 et englobant des formes non conventionnelles d&rsquo;art vestimentaire. L&rsquo;essence de Vultura trouve ses racines dans l&rsquo;art dynamique de Cecilie Bluthardt et Ellebasi Gebhardt, soutenu par la vaste exp\u00e9rience de Vincent [&hellip;]<\/p>\n","protected":false},"author":1,"featured_media":0,"parent":0,"menu_order":0,"comment_status":"closed","ping_status":"closed","template":"","meta":{"_acf_changed":false,"hide_page_title":"","footnotes":""},"class_list":["post-121","page","type-page","status-publish","hentry"],"acf":[],"yoast_head":"<!-- This site is optimized with the Yoast SEO plugin v26.1.1 - https:\/\/yoast.com\/wordpress\/plugins\/seo\/ -->\n<title>D\u00e9couvrez l&#039;\u00e9quipe Vultura<\/title>\n<meta name=\"description\" content=\"Venez d\u00e9couvrir avec nous l&#039;univers de Cecilie Bluthardt, Ellebasi Gebhardt et Vincent Ifrah. L&#039;\u00e9ventail des comp\u00e9tences est large. Un m\u00e9lange de design, d&#039;art et de technologie pour vous offrir les sublimes garde-temps que sont les montres Vultura.\" \/>\n<meta name=\"robots\" content=\"index, follow, max-snippet:-1, max-image-preview:large, max-video-preview:-1\" \/>\n<link rel=\"canonical\" href=\"https:\/\/vultura.net\/fr\/a-propos\/\" \/>\n<meta property=\"og:locale\" content=\"fr_FR\" \/>\n<meta property=\"og:type\" content=\"article\" \/>\n<meta property=\"og:title\" content=\"D\u00e9couvrez l&#039;\u00e9quipe Vultura\" \/>\n<meta property=\"og:description\" content=\"Venez d\u00e9couvrir avec nous l&#039;univers de Cecilie Bluthardt, Ellebasi Gebhardt et Vincent Ifrah. L&#039;\u00e9ventail des comp\u00e9tences est large. Un m\u00e9lange de design, d&#039;art et de technologie pour vous offrir les sublimes garde-temps que sont les montres Vultura.\" \/>\n<meta property=\"og:url\" content=\"https:\/\/vultura.net\/fr\/a-propos\/\" \/>\n<meta property=\"og:site_name\" content=\"Vultura\" \/>\n<meta property=\"article:modified_time\" content=\"2024-09-02T17:48:28+00:00\" \/>\n<meta name=\"twitter:card\" content=\"summary_large_image\" \/>\n<meta name=\"twitter:label1\" content=\"Dur\u00e9e de lecture estim\u00e9e\" \/>\n\t<meta name=\"twitter:data1\" content=\"3 minutes\" \/>\n<script type=\"application\/ld+json\" class=\"yoast-schema-graph\">{\"@context\":\"https:\/\/schema.org\",\"@graph\":[{\"@type\":\"WebPage\",\"@id\":\"https:\/\/vultura.net\/fr\/a-propos\/\",\"url\":\"https:\/\/vultura.net\/fr\/a-propos\/\",\"name\":\"D\u00e9couvrez l'\u00e9quipe Vultura\",\"isPartOf\":{\"@id\":\"https:\/\/vultura.net\/#website\"},\"datePublished\":\"2023-06-07T23:57:22+00:00\",\"dateModified\":\"2024-09-02T17:48:28+00:00\",\"description\":\"Venez d\u00e9couvrir avec nous l'univers de Cecilie Bluthardt, Ellebasi Gebhardt et Vincent Ifrah. L'\u00e9ventail des comp\u00e9tences est large. Un m\u00e9lange de design, d'art et de technologie pour vous offrir les sublimes garde-temps que sont les montres Vultura.\",\"inLanguage\":\"fr-FR\",\"potentialAction\":[{\"@type\":\"ReadAction\",\"target\":[\"https:\/\/vultura.net\/fr\/a-propos\/\"]}]},{\"@type\":\"WebSite\",\"@id\":\"https:\/\/vultura.net\/#website\",\"url\":\"https:\/\/vultura.net\/\",\"name\":\"Vultura\",\"description\":\"It&#039;s about time\",\"publisher\":{\"@id\":\"https:\/\/vultura.net\/#organization\"},\"potentialAction\":[{\"@type\":\"SearchAction\",\"target\":{\"@type\":\"EntryPoint\",\"urlTemplate\":\"https:\/\/vultura.net\/?s={search_term_string}\"},\"query-input\":{\"@type\":\"PropertyValueSpecification\",\"valueRequired\":true,\"valueName\":\"search_term_string\"}}],\"inLanguage\":\"fr-FR\"},{\"@type\":\"Organization\",\"@id\":\"https:\/\/vultura.net\/#organization\",\"name\":\"Vultura\",\"url\":\"https:\/\/vultura.net\/\",\"logo\":{\"@type\":\"ImageObject\",\"inLanguage\":\"fr-FR\",\"@id\":\"https:\/\/vultura.net\/#\/schema\/logo\/image\/\",\"url\":\"https:\/\/vultura.net\/wp-content\/uploads\/2023\/08\/Vultura-logo.png\",\"contentUrl\":\"https:\/\/vultura.net\/wp-content\/uploads\/2023\/08\/Vultura-logo.png\",\"width\":120,\"height\":40,\"caption\":\"Vultura\"},\"image\":{\"@id\":\"https:\/\/vultura.net\/#\/schema\/logo\/image\/\"}}]}<\/script>\n<!-- \/ Yoast SEO plugin. -->","yoast_head_json":{"title":"D\u00e9couvrez l'\u00e9quipe Vultura","description":"Venez d\u00e9couvrir avec nous l'univers de Cecilie Bluthardt, Ellebasi Gebhardt et Vincent Ifrah. L'\u00e9ventail des comp\u00e9tences est large. Un m\u00e9lange de design, d'art et de technologie pour vous offrir les sublimes garde-temps que sont les montres Vultura.","robots":{"index":"index","follow":"follow","max-snippet":"max-snippet:-1","max-image-preview":"max-image-preview:large","max-video-preview":"max-video-preview:-1"},"canonical":"https:\/\/vultura.net\/fr\/a-propos\/","og_locale":"fr_FR","og_type":"article","og_title":"D\u00e9couvrez l'\u00e9quipe Vultura","og_description":"Venez d\u00e9couvrir avec nous l'univers de Cecilie Bluthardt, Ellebasi Gebhardt et Vincent Ifrah. L'\u00e9ventail des comp\u00e9tences est large. Un m\u00e9lange de design, d'art et de technologie pour vous offrir les sublimes garde-temps que sont les montres Vultura.","og_url":"https:\/\/vultura.net\/fr\/a-propos\/","og_site_name":"Vultura","article_modified_time":"2024-09-02T17:48:28+00:00","twitter_card":"summary_large_image","twitter_misc":{"Dur\u00e9e de lecture estim\u00e9e":"3 minutes"},"schema":{"@context":"https:\/\/schema.org","@graph":[{"@type":"WebPage","@id":"https:\/\/vultura.net\/fr\/a-propos\/","url":"https:\/\/vultura.net\/fr\/a-propos\/","name":"D\u00e9couvrez l'\u00e9quipe Vultura","isPartOf":{"@id":"https:\/\/vultura.net\/#website"},"datePublished":"2023-06-07T23:57:22+00:00","dateModified":"2024-09-02T17:48:28+00:00","description":"Venez d\u00e9couvrir avec nous l'univers de Cecilie Bluthardt, Ellebasi Gebhardt et Vincent Ifrah. L'\u00e9ventail des comp\u00e9tences est large. Un m\u00e9lange de design, d'art et de technologie pour vous offrir les sublimes garde-temps que sont les montres Vultura.","inLanguage":"fr-FR","potentialAction":[{"@type":"ReadAction","target":["https:\/\/vultura.net\/fr\/a-propos\/"]}]},{"@type":"WebSite","@id":"https:\/\/vultura.net\/#website","url":"https:\/\/vultura.net\/","name":"Vultura","description":"It&#039;s about time","publisher":{"@id":"https:\/\/vultura.net\/#organization"},"potentialAction":[{"@type":"SearchAction","target":{"@type":"EntryPoint","urlTemplate":"https:\/\/vultura.net\/?s={search_term_string}"},"query-input":{"@type":"PropertyValueSpecification","valueRequired":true,"valueName":"search_term_string"}}],"inLanguage":"fr-FR"},{"@type":"Organization","@id":"https:\/\/vultura.net\/#organization","name":"Vultura","url":"https:\/\/vultura.net\/","logo":{"@type":"ImageObject","inLanguage":"fr-FR","@id":"https:\/\/vultura.net\/#\/schema\/logo\/image\/","url":"https:\/\/vultura.net\/wp-content\/uploads\/2023\/08\/Vultura-logo.png","contentUrl":"https:\/\/vultura.net\/wp-content\/uploads\/2023\/08\/Vultura-logo.png","width":120,"height":40,"caption":"Vultura"},"image":{"@id":"https:\/\/vultura.net\/#\/schema\/logo\/image\/"}}]}},"_links":{"self":[{"href":"https:\/\/vultura.net\/fr\/wp-json\/wp\/v2\/pages\/121","targetHints":{"allow":["GET"]}}],"collection":[{"href":"https:\/\/vultura.net\/fr\/wp-json\/wp\/v2\/pages"}],"about":[{"href":"https:\/\/vultura.net\/fr\/wp-json\/wp\/v2\/types\/page"}],"author":[{"embeddable":true,"href":"https:\/\/vultura.net\/fr\/wp-json\/wp\/v2\/users\/1"}],"replies":[{"embeddable":true,"href":"https:\/\/vultura.net\/fr\/wp-json\/wp\/v2\/comments?post=121"}],"version-history":[{"count":37,"href":"https:\/\/vultura.net\/fr\/wp-json\/wp\/v2\/pages\/121\/revisions"}],"predecessor-version":[{"id":2402,"href":"https:\/\/vultura.net\/fr\/wp-json\/wp\/v2\/pages\/121\/revisions\/2402"}],"wp:attachment":[{"href":"https:\/\/vultura.net\/fr\/wp-json\/wp\/v2\/media?parent=121"}],"curies":[{"name":"wp","href":"https:\/\/api.w.org\/{rel}","templated":true}]}}